{"id":4092,"date":"2023-06-03T16:19:45","date_gmt":"2023-06-03T14:19:45","guid":{"rendered":"https:\/\/www.konfeo.com\/pl\/?page_id=4092"},"modified":"2025-10-07T07:59:50","modified_gmt":"2025-10-07T05:59:50","slug":"polityka-prywatnosci","status":"publish","type":"page","link":"https:\/\/www.konfeo.com\/pl\/polityka-prywatnosci\/","title":{"rendered":"Polityka prywatno\u015bci"},"content":{"rendered":"<p>Administrator Danych Osobowych przyk\u0142ada ogromn\u0105 wag\u0119 do dba\u0142o\u015bci o bezpiecze\u0144stwo oraz ochrony danych osobowych U\u017cytkownik\u00f3w Serwisu. Niniejsza Polityka Prywatno\u015bci (dalej \u201e<strong>Polityka<\/strong>\u201d) zosta\u0142a opracowana w celu udzielania kompletnej i przejrzystej informacji dotycz\u0105cej przetwarzania przez Administratora danych, a zasady zachowania poufno\u015bci w Serwisie s\u0105 udost\u0119pniane wszystkim zainteresowanym U\u017cytkownikom.<\/p>\n<h3>SPIS TRE\u015aCI<\/h3>\n<ol>\n<li>WYJA\u015aNIENIE POJ\u0118\u0106.<\/li>\n<li>POLITYKA PRYWATNO\u015aCI.<\/li>\n<li>ADMINISTRATOR DANYCH OSOBOWYCH.<\/li>\n<li>ZAKRES PRZETWARZANIA DANYCH OSOBOWYCH.<\/li>\n<li>W JAKI SPOS\u00d3B KONFEO PRZETWARZA DANE OSOBOWE?<\/li>\n<li>PRAWA OS\u00d3B, KT\u00d3RYCH DANE PRZETWARZAMY.<\/li>\n<li>ODBIORCY DANYCH OSOBOWYCH.<\/li>\n<li>JAK D\u0141UDO PRZETWARZAMY DANE OSOBOWE.<\/li>\n<li>ZASADY BEZPIECZE\u0143STWA PRZETWARZANIA DANYCH OSOBOWYCH.<\/li>\n<li>ZMIANY POLITYKI PRYWATNO\u015aCI.<\/li>\n<\/ol>\n<h3>1. WYJA\u015aNIENIE POJ\u0118\u0106<\/h3>\n<p>Za ka\u017cdym razem, kiedy w Polityce zostaje u\u017cyte poj\u0119cie pisane z wielkiej litery, otrzymuje ono nast\u0119puj\u0105ce znaczenie:<\/p>\n<p><strong>Administrator danych osobowych lub Konfeo<\/strong> &#8211; Konfeo Macuk, \u0141api\u0144ski sp\u00f3\u0142ka jawna, z siedzib\u0105 przy ul. \u017bo\u0142nierzy I Armii Wojska Polskiego 10\/B6, 81-383 Gdynia, NIP: 5862312651, KRS: 0000650991.<\/p>\n<p><strong>Dane Osobowe<\/strong> &#8211; wszelkie informacje o zidentyfikowanej lub mo\u017cliwej do zidentyfikowania osobie fizycznej (\u201eosobie, kt\u00f3rej dane dotycz\u0105\u201d); mo\u017cliwa do zidentyfikowania osoba fizyczna to osoba, kt\u00f3r\u0105 mo\u017cna bezpo\u015brednio lub po\u015brednio zidentyfikowa\u0107, w szczeg\u00f3lno\u015bci na podstawie identyfikatora takiego jak imi\u0119 i nazwisko, numer identyfikacyjny, dane o lokalizacji, identyfikator internetowy lub jeden b\u0105d\u017a kilka szczeg\u00f3lnych czynnik\u00f3w okre\u015blaj\u0105cych fizyczn\u0105, fizjologiczn\u0105, genetyczn\u0105, psychiczn\u0105, ekonomiczn\u0105, kulturow\u0105 lub spo\u0142eczn\u0105 to\u017csamo\u015b\u0107 osoby fizycznej<\/p>\n<p><strong>EOG <\/strong>\u2013 Europejski Obszar Gospodarczy<\/p>\n<p><strong>Konsument<\/strong> &#8211; konsument w rozumieniu Art. 22<sup>1<\/sup> Kodeksu Cywilnego<\/p>\n<p><strong>Konto<\/strong>\u00a0\u2013 funkcjonalno\u015b\u0107 Serwisu umo\u017cliwiaj\u0105ca Organizatorowi korzystanie z us\u0142ug i organizowanie Wydarze\u0144<\/p>\n<p><strong>Organizator\u00a0<\/strong>\u2013 U\u017cytkownik z zarejestrowanym Kontem<\/p>\n<p><strong>Polityka Cookies<\/strong> \u2013 Polityka stosowana przez Administratora dotycz\u0105ca zasad zwi\u0105zanych z plikami cookies znajduj\u0105ca si\u0119 pod adresem <strong><a href=\"https:\/\/www.konfeo.com\/pl\/polityka-cookies\/\" target=\"_blank\" rel=\"noopener\">https:\/\/www.konfeo.com\/pl\/polityka-cookies\/<\/a><\/strong><\/p>\n<p><strong>Polityka Prywatno\u015bci<\/strong> \u2013 niniejszy dokument znajduj\u0105cy si\u0119 pod adresem <strong><a href=\"https:\/\/www.konfeo.com\/pl\/polityka-prywatnosci\/\">https:\/\/www.konfeo.com\/pl\/polityka-prywatnosci\/<\/a><\/strong>, okre\u015blaj\u0105cy zasady ochrony danych udost\u0119pnianych przez U\u017cytkownik\u00f3w w ramach korzystania z Serwisu.<\/p>\n<p><strong>Przetwarzanie<\/strong> \u2013 oznacza operacj\u0119 lub zestaw operacji wykonywanych na danych osobowych lub zestawach danych osobowych w spos\u00f3b zautomatyzowany lub niezautomatyzowany, tak\u0105 jak zbieranie, utrwalanie, organizowanie, porz\u0105dkowanie, przechowywanie, adaptowanie lub modyfikowanie, pobieranie, przegl\u0105danie, wykorzystywanie, ujawnianie poprzez przes\u0142anie, rozpowszechnianie lub innego rodzaju udost\u0119pnianie, dopasowywanie lub \u0142\u0105czenie, ograniczanie, usuwanie lub niszczenie<\/p>\n<p><strong>Regulamin<\/strong> \u2013 dokument znajduj\u0105cy si\u0119 pod adresem <strong><a href=\"https:\/\/www.konfeo.com\/pl\/regulamin\/\">https:\/\/www.konfeo.com\/pl\/regulamin\/<\/a><\/strong>, okre\u015blaj\u0105cy zasady korzystania z Serwisu.<\/p>\n<p><strong>RODO<\/strong> \u2013 Rozporz\u0105dzenie Parlamentu Europejskiego i Rady (UE) 2016\/679 z dnia 27 kwietnia 2016 r. w sprawie ochrony os\u00f3b fizycznych w zwi\u0105zku z przetwarzaniem danych osobowych i w sprawie swobodnego przep\u0142ywu takich danych oraz uchylenia dyrektywy 95\/46\/WE (og\u00f3lne rozporz\u0105dzenie o ochronie danych)<\/p>\n<p><strong>Serwis<\/strong> \u2013 internetowy serwis dost\u0119pny pod adresem internetowym <strong><a href=\"https:\/\/admin.konfeo.com\/\">https:\/\/admin.konfeo.com\/<\/a><\/strong>, za po\u015brednictwem kt\u00f3rego Konfeo \u015bwiadczy us\u0142ugi na rzecz U\u017cytkownik\u00f3w<\/p>\n<p><strong>Uczestnik<\/strong> \u2013 U\u017cytkownik, kt\u00f3ry dokona\u0142 za po\u015brednictwem Serwisu rejestracji na Wydarzenie.<\/p>\n<p><strong>Umowa<\/strong> \u2013 umowa o \u015bwiadczenie przez us\u0142ug zawarta pomi\u0119dzy Konfeo i Organizatorem na zasadach okre\u015blonych w Regulaminie.<\/p>\n<p><strong>U\u017cytkownik<\/strong> \u2013 oznacza ka\u017cd\u0105 osob\u0119 korzystaj\u0105c\u0105 z Serwisu w tym Organizatora oraz Uczestnika. U\u017cytkownikami Serwisu mog\u0105 by\u0107 pe\u0142noletnie osoby fizyczne, posiadaj\u0105ce pe\u0142n\u0105 zdolno\u015b\u0107 do czynno\u015bci prawnych, osoby prawne oraz jednostki organizacyjne nieposiadaj\u0105ce osobowo\u015bci prawnej.<\/p>\n<p><strong>Witryna<\/strong> \u2013 internetowa strona www, dost\u0119pna pod adresem <strong><a href=\"https:\/\/www.konfeo.com\/\">https:\/\/www.konfeo.com\/<\/a><\/strong>, zawieraj\u0105ca informacje o ofercie Konfeo<\/p>\n<p><strong>Wydarzenie<\/strong> \u2013 opublikowana w serwisie informacja dotycz\u0105ca organizowanego przez Organizatora Wydarzenia, w szczeg\u00f3lno\u015bci konferencja, szkolenie, kurs, warsztat, zgrupowanie, wyk\u0142ad, happening, wystawa lub jakiekolwiek inne spotkanie, niezale\u017cnie od tego, czy ma charakter otwarty czy zamkni\u0119ty, odp\u0142atny, czy nieodp\u0142atny.<\/p>\n<h3>2. POLITYKA PRYWATNO\u015aCI<\/h3>\n<p>Polityka prywatno\u015bci okre\u015bla zasady ochrony i przetwarzania przez Konfeo danych osobowych os\u00f3b korzystaj\u0105cych z Serwisu:<\/p>\n<ul>\n<li>U\u017cytkownik\u00f3w<\/li>\n<li>Uczestnik\u00f3w<\/li>\n<li>Organizator\u00f3w<\/li>\n<\/ul>\n<p>Zasady korzystania z Serwisu oraz oferowanych przez Konfeo us\u0142ug zosta\u0142y okre\u015blone w Regulaminie.<\/p>\n<h3>3. ADMINISTRATOR DANYCH OSOBOWYCH<\/h3>\n<p>Administratorem danych osobowych jest Konfeo Macuk, \u0141api\u0144ski sp\u00f3\u0142ka jawna, z siedzib\u0105 przy ul. \u017bo\u0142nierzy I Armii Wojska Polskiego 10\/B6, 81-383 Gdynia, NIP: 5862312651, KRS: 0000650991<\/p>\n<p>Kontakt z Administratorem danych:<\/p>\n<ul>\n<li>Adres e-mail: info@konfeo.com<\/li>\n<li>Nr telefonu: +48\u00a0503\u00a0899 531<\/li>\n<\/ul>\n<p>Konfeo przetwarza dane osobowe wy\u0142\u0105cznie przy udziale os\u00f3b posiadaj\u0105cych upowa\u017cnienie do przetwarzania danych osobowych oraz pisemnie zobowi\u0105zanych do zachowania tych danych w poufno\u015bci.<\/p>\n<h3>4. ZAKRES PRZETWARZANIA DANYCH OSOBOWYCH<\/h3>\n<p>W momencie, kiedy korzystasz z us\u0142ug Konfeo oferowanych za po\u015brednictwem Serwisu, mo\u017cemy przetwarza\u0107 Twoje dane osobowe. Zakres tych danych mo\u017ce si\u0119 r\u00f3\u017cni\u0107 i zale\u017cny od rodzaju us\u0142ugi oferowanej przez Konfeo.<\/p>\n<p>Wi\u0119cej na temat us\u0142ug oferowanych przez Konfeo oraz funkcjonalno\u015bci Serwisu znajdziesz w Regulaminie us\u0142ug \u015bwiadczonych drog\u0105 elektroniczn\u0105 przez Konfeo znajduj\u0105cym si\u0119 pod adresem <strong><a href=\"https:\/\/www.konfeo.com\/pl\/regulamin\/\" target=\"_blank\" rel=\"noopener\">https:\/\/www.konfeo.com\/pl\/regulamin\/<\/a><\/strong>.<\/p>\n<p>W zale\u017cno\u015bci od oferowanej us\u0142ugi Konfeo mo\u017ce wyst\u0119powa\u0107 w roli<\/p>\n<ul>\n<li>Administratora danych osobowych, np. kiedy przegl\u0105dasz nasz\u0105 Witryn\u0119 lub rejestrujesz swoje Konto w Serwisie jako Organizator<\/li>\n<li>Podmiotu przetwarzaj\u0105cego dane w imieniu Organizatora, np. w przypadku rejestracji na Wydarzenie Organizatora<\/li>\n<\/ul>\n<h3>5. W JAKI SPOS\u00d3B KONFEO PRZETWARZA DANE OSOBOWE?<\/h3>\n<h4>5.1. Dane osobowe wszystkich U\u017cytkownik\u00f3w<\/h4>\n<h5>5.1.1. Przegl\u0105danie Witryny<\/h5>\n<p>W czasie przegl\u0105dania przez Ciebie naszej Witryny, Konfeo mo\u017ce gromadzi\u0107 i przetwarza\u0107 dane osobowe dotycz\u0105ce Twojego zachowania i aktywno\u015bci na naszych stronach, np. jakie konkretnie strony lub podstrony odwiedzasz, jak cz\u0119sto, jak du\u017co czasu sp\u0119dzasz na konkretnej stronie, kt\u00f3re linki klikasz.<\/p>\n<p>S\u0105 to dane statystyczne, dane poprawiaj\u0105ce dzia\u0142anie Witryny oraz dane niezb\u0119dne do zapewnienia bezpiecze\u0144stwa zar\u00f3wno Tobie jak i naszym systemom IT.<\/p>\n<p>W tym zakresie mo\u017cemy przetwarza\u0107 dane osobowe: znajduj\u0105ce si\u0119 w plikach cookies lub innych podobnych technologiach, logach serwera, dane dotycz\u0105ce urz\u0105dzenia, systemu operacyjnego lub przegl\u0105darki, z kt\u00f3rych korzystasz, adres IP, lokalizacji.<\/p>\n<p>Dane te wykorzystujemy przede wszystkim do:<\/p>\n<ul>\n<li>zapewnienia bezpiecze\u0144stwa zar\u00f3wno Twojego jak i naszych system\u00f3w IT<\/li>\n<li>prowadzenia statystyk zwi\u0105zanych z u\u017cytkowaniem przez Ciebie naszej Witryny<\/li>\n<\/ul>\n<p>Dane te przetwarzamy, poniewa\u017c jest to prawnie uzasadniony interes Konfeo, kt\u00f3ry polega na zapewnieniu bezpiecze\u0144stwa, u\u0142atwieniu korzystania oraz poprawie funkcjonalno\u015bci Witryny, prezentacji naszych us\u0142ug i oferty.<\/p>\n<p>Okres przetwarzania wynosi maksymalnie 3 lata i uzale\u017cniony jest od stosowania plik\u00f3w cookies. Wi\u0119cej szczeg\u00f3\u0142\u00f3w znajdziesz w Polityce Cookies.<\/p>\n<h5>5.1.2. Korzystanie z Serwisu<\/h5>\n<p>W czasie korzystania przez Ciebie z Serwisu, Konfeo mo\u017ce gromadzi\u0107 i przetwarza\u0107 dane osobowe dotycz\u0105ce Twojego zachowania i aktywno\u015bci na naszych stronach, np. jakie konkretnie strony lub podstrony odwiedzasz, jak cz\u0119sto, jak du\u017co czasu sp\u0119dzasz na konkretnej stronie, kt\u00f3re linki klikasz.<\/p>\n<p>S\u0105 to dane statystyczne, dane poprawiaj\u0105ce dzia\u0142anie Serwisu oraz dane niezb\u0119dne do zapewnienia bezpiecze\u0144stwa zar\u00f3wno Tobie jak i naszym systemom IT.<\/p>\n<p>W tym zakresie mo\u017cemy przetwarza\u0107 dane osobowe: znajduj\u0105ce si\u0119 w plikach cookies lub innych podobnych technologiach, logach serwera, dane dotycz\u0105ce urz\u0105dzenia, systemu operacyjnego lub przegl\u0105darki, z kt\u00f3rych korzystasz, adres IP, lokalizacji.<\/p>\n<p>Dane te wykorzystujemy przede wszystkim do:<\/p>\n<ul>\n<li>zapewnienia bezpiecze\u0144stwa zar\u00f3wno Twojego jak i naszych system\u00f3w IT<\/li>\n<li>u\u0142atwienia oraz poprawiania funkcjonalno\u015bci us\u0142ug Streetdata<\/li>\n<li>prowadzenia statystyk zwi\u0105zanych z u\u017cytkowaniem przez Ciebie naszej Witryny<\/li>\n<\/ul>\n<p>Dane te przetwarzamy, poniewa\u017c jest to prawnie uzasadniony interes Konfeo, kt\u00f3ry polega na zapewnieniu bezpiecze\u0144stwa, u\u0142atwieniu korzystania oraz poprawie funkcjonalno\u015bci Serwisu, prezentacji naszych us\u0142ug i oferty.<\/p>\n<p>Okres przetwarzania wynosi maksymalnie 3 lata i uzale\u017cniony jest od stosowania plik\u00f3w cookies. Wi\u0119cej szczeg\u00f3\u0142\u00f3w znajdziesz w Polityce Cookies.<\/p>\n<h5>5.1.3. Narz\u0119dzia analityczne dost\u0119pne dla Organizator\u00f3w<\/h5>\n<p>Konfeo umo\u017cliwia r\u00f3wnie\u017c Organizatorom gromadzenie i przetwarzanie danych osobowych dotycz\u0105cych Twojego zachowania i aktywno\u015bci na stronach rejestracji Wydarze\u0144 za pomoc\u0105 narz\u0119dzi dost\u0119pnych na ich kontach Google Analytics oraz Facebook.<\/p>\n<p>O szczeg\u00f3\u0142y dotycz\u0105ce przetwarzania danych osobowych przez Organizator\u00f3w zapytaj Organizatora danego Wydarzenia.<\/p>\n<h5>5.1.4. P\u0142atno\u015bci dokonywane w Serwisie<\/h5>\n<p>U\u017cytkownicy dokonuj\u0105 w Serwisie p\u0142atno\u015bci za po\u015brednictwem zewn\u0119trznych operator\u00f3w p\u0142atno\u015bci. W zale\u017cno\u015bci od wyboru formy p\u0142atno\u015bci administratorem danych b\u0119dzie konkretny wybrany przez Organizatora operator p\u0142atno\u015bci.<\/p>\n<p>W celu uzyskania informacji dotycz\u0105cych przetwarzania danych przez operator\u00f3w prosimy o kontakt z wybranym operatorem:<\/p>\n<ul>\n<li>PayPal Pte. Ltd. (2211 North First Street, San Jose, California 95131, USA)<\/li>\n<li>PayPro SA; marka Przelewy24 (ul. Kanclerska 15, 60-327 Pozna\u0144, Polska)<\/li>\n<li>Krajowy Integrator P\u0142atno\u015bci S.A.; marka Tpay (ul. \u015aw. Marcin 73\/6, 61-808 Pozna\u0144, Polska)<\/li>\n<\/ul>\n<h5>5.1.5. Pliki Cookies<\/h5>\n<p>Podczas przegl\u0105dania naszej Witryny lub korzystania z Serwisu przez U\u017cytkownika Konfeo wykorzystuje pliki cookies. Szczeg\u00f3\u0142y dotycz\u0105ce wykorzystywania plik\u00f3w cookies znajdziesz w Polityce Cookies pod adresem <strong><a href=\"https:\/\/www.konfeo.com\/pl\/polityka-cookies\/\">https:\/\/www.konfeo.com\/pl\/polityka-cookies\/<\/a><\/strong><\/p>\n<h5>5.1.6. Kontakt z Konfeo za pomoc\u0105 formularza<\/h5>\n<p>Konfeo umo\u017cliwia nawi\u0105zanie kontaktu za po\u015brednictwem Formularza kontaktowego w Serwisie.<\/p>\n<p>Skorzystanie z formularza wymaga podania danych osobowych niezb\u0119dnych do identyfikacji U\u017cytkownika, nawi\u0105zania kontaktu i udzielania odpowiedzi na zadane pytanie.<\/p>\n<p>Wymagane dane osobowe to imi\u0119 lub nick, adres e-mail, tre\u015b\u0107 wiadomo\u015bci. Je\u017celi preferowan\u0105 przez Ciebie form\u0105 kontaktu jest telefon mo\u017cesz r\u00f3wnie\u017c poda\u0107 numer telefonu, lecz nie jest to obowi\u0105zkowe.<\/p>\n<p>Je\u017celi nie podasz wymaganych danych osobowych nie b\u0119dziemy mogli udzieli\u0107 odpowiedzi na zadane przez Ciebie w formularzu pytanie.<\/p>\n<p>Dane osobowe przetwarzane s\u0105 gdy\u017c jest to niezb\u0119dne do cel\u00f3w wynikaj\u0105cych z prawnie uzasadnionych interes\u00f3w realizowanych przez administratora, tj. do udzielania odpowiedzi na zadane przez U\u017cytkownika w formularzy pytanie (art. 6 ust 1 lit f RODO).<\/p>\n<p>Dane w celach kontaktowych przetwarzamy przez okres do 3 lat liczony od momentu zako\u0144czenia komunikacji w konkretnej sprawie.<\/p>\n<h5>5.1.7. Statystyka i analityka korzystania z Serwisu<\/h5>\n<p>Portal korzysta z narz\u0119dzi Google Analytics dostarczanego przez sp\u00f3\u0142k\u0119 Google Ireland Limited. (\u201eGoogle&#8221;) oraz Facebook Pixel. S\u0105 to narz\u0119dzia, kt\u00f3re wraz z adresem IP s\u0105 wykorzystywane w celu analizy sposobu korzystania z Portalu, do tworzenia statystyk i raport\u00f3w dotycz\u0105cych funkcjonowania Portalu. Google nie wykorzystuje zebranych danych do identyfikacji korzystaj\u0105cego z Portalu ani nie \u0142\u0105czy tych informacji w celu umo\u017cliwienia identyfikacji.<\/p>\n<p>Wi\u0119cej informacji na temat warunk\u00f3w korzystania i ochrony danych znajdziesz na stronie Google: <u><a href=\"https:\/\/www.google.com\/analytics\/terms\/gb.html\">https:\/\/www.google.com\/analytics\/terms\/gb.html<\/a><\/u> oraz <u><a href=\"https:\/\/policies.google.com\/?hl=pl\">https:\/\/policies.google.com\/?hl=pl<\/a><\/u>.<\/p>\n<p>W celu dezaktywacji Google Analytics kliknij na podane poni\u017cej hiper\u0142\u0105cze, aby \u015bci\u0105gn\u0105\u0107 i zainstalowa\u0107 wtyczk\u0119 do przegl\u0105darki: <u><a href=\"https:\/\/tools.google.com\/dlpage\/gaoptout?hl=en\">https:\/\/tools.google.com\/dlpage\/gaoptout?hl=en<\/a><\/u>.<\/p>\n<p>Podstaw\u0105 prawn\u0105 dla korzystania z Google Analytics jest prawnie uzasadniony interes Administratora (art. 6 ust. 1. lit. f) RODO), kt\u00f3ry polega na analizie sposobu korzystania z Portalu, tworzeniu statystyk i raport\u00f3w.<\/p>\n<p>Okres przetwarzania wynosi maksymalnie 3 lata i uzale\u017cniony jest od stosowania plik\u00f3w cookies. Wi\u0119cej szczeg\u00f3\u0142\u00f3w znajdziesz w Polityce Cookies.<\/p>\n<h5>5.1.8. Rozpatrywanie reklamacji<\/h5>\n<p>W celu rozpatrywania reklamacji mo\u017cemy przetwarza\u0107 dane, kt\u00f3re b\u0119d\u0105 podane przez Ciebie w zg\u0142oszeniu reklamacyjnym oraz dodatkowe dane, kt\u00f3re b\u0119d\u0105 niezb\u0119dne w celu rozpatrzenia reklamacji, np. dane z Konta Organizatora, zakres us\u0142ug z jakich korzystasz, dane dotycz\u0105ce p\u0142atno\u015bci, numer rachunku bankowego, itp.<\/p>\n<p>Dane osobowe s\u0105 przetwarzane, gdy\u017c jest to niezb\u0119dne do cel\u00f3w wynikaj\u0105cych z prawnie uzasadnionych interes\u00f3w realizowanych przez administratora, tj. do rozpatrzenia wniesionej przez Ciebie reklamacji (art. 6 ust 1 lit f RODO).<\/p>\n<p>Dane w tym celu przetwarzamy przez okres niezb\u0119dny do udzielania odpowiedzi lub rozpatrzenia reklamacji, nie d\u0142u\u017cej ni\u017c 3 lata od momentu zako\u0144czenia komunikacji w konkretnej sprawie.<\/p>\n<h5>5.1.9 Portale spo\u0142eczno\u015bciowe<\/h5>\n<p>Konfeo prowadzi swoje profile i fanpage na portalach spo\u0142eczno\u015bciowych:<\/p>\n<ul>\n<li><a href=\"https:\/\/www.facebook.com\/Konfeo\/\">https:\/\/www.facebook.com\/Konfeo\/<\/a><\/li>\n<li><a href=\"https:\/\/twitter.com\/konfeo\">https:\/\/twitter.com\/konfeo<\/a><\/li>\n<li><a href=\"https:\/\/www.linkedin.com\/company\/konfeo\">https:\/\/www.linkedin.com\/company\/konfeo<\/a><\/li>\n<li><a href=\"https:\/\/www.indiehackers.com\/product\/konfeo\">https:\/\/www.indiehackers.com\/product\/konfeo<\/a><\/li>\n<\/ul>\n<p>Je\u017celi U\u017cytkownik odwiedza te profile lub fanpage, korzysta z udost\u0119pnionych przez ww. portali komunikator\u00f3w i zawartych na nich informacji w\u00f3wczas Administrator przetwarza dane osobowe, kt\u00f3re mog\u0105 by\u0107 dost\u0119pne i kt\u00f3re U\u017cytkownik tak\u017ce sam udost\u0119pnia za pomoc\u0105 tych medi\u00f3w spo\u0142eczno\u015bciowych: m.in. imi\u0119, nazwisko, pseudonim, adres e-mail, informacje zawarte na profilu na portalu spo\u0142eczno\u015bciowym, zdj\u0119cie.<\/p>\n<p>Dane osobowe w ramach naszych profili i fanpage przetwarzane s\u0105 w celu:<\/p>\n<ul>\n<li>udzielania odpowiedzi na skierowane do nas prywatne wiadomo\u015bci,<\/li>\n<li>prowadzenia dyskusji w ramach komentarzy pod poszczeg\u00f3lnymi postami,<\/li>\n<li>udost\u0119pniania naszych post\u00f3w osobom obserwuj\u0105cym nasze profile lub fanpage<\/li>\n<li>marketingu naszych us\u0142ug;<\/li>\n<\/ul>\n<p>Dodatkowo w przypadku korzystania przez U\u017cytkownika z poszczeg\u00f3lnych portali spo\u0142eczno\u015bciowych mo\u017cemy przetwarza\u0107 dane zwi\u0105zane z tzw. Statystyk\u0105 strony. Statystyka strony oznacza wykonywane przez Ciebie na danym profilu czynno\u015bci np. jakie wy\u015bwietlasz posty, co obserwujesz, polubienia, polecenia itp.<\/p>\n<p>Podstaw\u0105 prawn\u0105 przetwarzania danych osobowych jest nasz prawnie uzasadniony interes, polegaj\u0105cy na udzielaniu odpowiedzi na kierowane do nas pytania, prowadzeniu dyskusji, informowaniu o naszej dzia\u0142alno\u015bci oraz tworzeniu i budowaniu relacji (art. 6 ust. 1 lit. f) RODO).<\/p>\n<p>Jednocze\u015bnie prosimy pami\u0119taj, i\u017c podczas korzystania z naszych Profili r\u00f3wnie\u017c operatorzy portali spo\u0142eczno\u015bciowych przetwarzaj\u0105 Twoje dane osobowe we w\u0142asnych celach i zakresie, kt\u00f3ry nie jest obj\u0119ty niniejsz\u0105 Polityk\u0105. Cel i zakres przetwarzania danych osobowych przez operator\u00f3w portali spo\u0142eczno\u015bciowych opisany jest szczeg\u00f3\u0142owo w Politykach prywatno\u015bci ww. portali spo\u0142eczno\u015bciowych dost\u0119pnych na ich stronach internetowych.<\/p>\n<p>U\u017cytkownik zawsze mo\u017ce usun\u0105\u0107 swoje komentarze pod naszymi postami, przesta\u0107 nas obserwowa\u0107 lub zrezygnowa\u0107 z posiadania konta na ww. portalach spo\u0142eczno\u015bciowych.<\/p>\n<p>Dane przetwarzane za po\u015brednictwem portali spo\u0142eczno\u015bciowych przetwarzane s\u0105 tak d\u0142ugo jak obserwujesz\/jeste\u015b fanem naszego profilu w konkretnym portalu.<\/p>\n<p>Je\u017celi za po\u015brednictwem portalu spo\u0142eczno\u015bciowego zosta\u0142y zebrane dane w innym celu okre\u015blonym w Polityce, np. reklamacja us\u0142ug dane b\u0119d\u0105 przetwarzane przez okres wskazany przy tym celu.<\/p>\n<h5>5.1.10. Ustalenie, dochodzenie i obrona przed roszczeniami<\/h5>\n<p>W celu ustalenia, dochodzenia i obrony przed roszczeniami mo\u017cemy przetwarza\u0107 dane osobowe zebrane w innych celach, a niezb\u0119dne do celu okre\u015blonego powy\u017cej. Zakres danych b\u0119dzie zale\u017cny od rodzaju roszczenia i zakresu naszych us\u0142ug, kt\u00f3rych roszczenie mo\u017ce dotyczy\u0107. Przyk\u0142adowo mo\u017ce to by\u0107 imi\u0119, nazwisko, adres, historia p\u0142atno\u015bci, historia korzystania z naszych us\u0142ug. W uzasadnionych przypadkach, np. po usuni\u0119ciu Konta dane osobowe mog\u0105 zosta\u0107 w pewnym zakresie zarchiwizowane i przetwarzane dalej jedynie w celu wskazanym w niniejszym punkcie, w ograniczonym i niezb\u0119dnym zakresie.<\/p>\n<p>W celu ustalenia, dochodzenia lub ochrony przed ewentualnymi roszczeniami dane b\u0119d\u0105 przetwarzane do czasu przedawnienia tych roszcze\u0144. W tym celu dane zostan\u0105 zarchiwizowane, dost\u0119p do nich zostanie ograniczony i nie b\u0119d\u0105 przetwarzane w \u017cadnym innym celu. Po up\u0142ywie okresu przedawnienia roszcze\u0144 dane zostan\u0105 zniszczone.<\/p>\n<h4>5.2. Dane osobowe Organizator\u00f3w<\/h4>\n<h5>5.2.1. Rejestracja Konta Organizatora<\/h5>\n<p>Podczas rejestracji Konta Organizatora dane osobowe zbierane s\u0105 bezpo\u015brednio od U\u017cytkownika w formularzu rejestracyjnym w Serwisie.<\/p>\n<p>Zakres wymaganych danych to nazwa dzia\u0142alno\u015bci gospodarczej lub imi\u0119 i nazwisko, dane kontaktowe, has\u0142o.<\/p>\n<p>Podanie danych osobowych jest dobrowolne, ale niezb\u0119dne w celu za\u0142o\u017cenia Konta Organizatora. Je\u017celi nie podasz danych osobowych nie b\u0119dzie mo\u017cliwa rejestracja Konta.<\/p>\n<p>Dane osobowe s\u0105 przetwarzane, poniewa\u017c jest to niezb\u0119dne do wykonania umowy \u015bwiadczenia us\u0142ugi Konta zawartej pomi\u0119dzy Konfeo, a Organizatorem (art. 6 ust 1 lit b RODO).<\/p>\n<p>Dane osobowe b\u0119d\u0105 przetwarzane przez okres posiadania przez Organizatora aktywnego Konta w Serwisie. <span style=\"background-color: var(--nv-site-bg); color: var(--nv-text-color); font-family: var(--bodyfontfamily); font-size: var(--bodyfontsize); font-weight: var(--bodyfontweight); letter-spacing: var(--bodyletterspacing); text-transform: var(--bodytexttransform);\">Konto Organizatora uznajemy za aktywne, je\u017celi data ostatniego logowania na Konto nie jest starsza ni\u017c 1 rok.\u00a0<\/span>Je\u017celi data ostatniego logowania na Konto jest starsza ni\u017c 1 rok, mamy prawo uzna\u0107 je za nieaktywne (porzucone) i powiadomi\u0107 Organizatora o zamiarze uruchomienia procedury usuni\u0119cia Konta:<\/p>\n<ul>\n<li>powiadomienie wysy\u0142amy na adres e-mail u\u017cywany przez Organizatora jako login<\/li>\n<li>Organizator mo\u017ce zatrzyma\u0107 procedur\u0119 usuni\u0119cia Konta, je\u017celi zaloguje si\u0119 na nie w ci\u0105gu 30 dni od daty wys\u0142ania powiadomienia<\/li>\n<li>w przypadku braku logowania na Konto w okresie 30 dni od daty wys\u0142ania powiadomienia, usuwamy je ze wszystkimi znajduj\u0105cymi si\u0119 na nim danymi (<span style=\"background-color: var(--nv-site-bg); color: var(--nv-text-color); font-family: var(--bodyfontfamily); font-size: var(--bodyfontsize); font-weight: var(--bodyfontweight); letter-spacing: var(--bodyletterspacing); text-transform: var(--bodytexttransform);\">dane adresowe organizacji, adresy e-mail, numery telefon\u00f3w, dane wydarze\u0144 i zarejestrowanych uczestnik\u00f3w<\/span>) w spos\u00f3b nieodwracalny<\/li>\n<\/ul>\n<h5>5.2.2. Wzajemne rozliczenia<\/h5>\n<p>W zwi\u0105zku ze \u015bwiadczeniem us\u0142ug oraz wzajemnym rozliczeniem um\u00f3w, np. dokonywaniem p\u0142atno\u015bci, wystawieniem faktur przetwarzamy nast\u0119puj\u0105ce dane osobowe: nazwa prowadzonej dzia\u0142alno\u015bci gospodarczej, imi\u0119, nazwisko, nr NIP, dane adresowe, dane bankowe, dane kontaktowe.<\/p>\n<p>Dane osobowe s\u0105 przetwarzane, poniewa\u017c jest to niezb\u0119dne do wykonania umowy o \u015bwiadczenie us\u0142ug zawartej pomi\u0119dzy Konfeo, a Organizatorem (art. 6 ust 1 lit b RODO) oraz do wype\u0142nienia obowi\u0105zk\u00f3w prawnych ci\u0105\u017c\u0105cych na administratorze (art. 6 ust 1 lit b RODO) wynikaj\u0105cych z przepis\u00f3w podatkowych i rachunkowych.<\/p>\n<p>Dane osobowe przetwarzane b\u0119d\u0105 przez okres trwania umowy oraz w zwi\u0105zku z przepisami prawa podatkowego przez okres 5 lat, licz\u0105c od ko\u0144ca roku kalendarzowego, w kt\u00f3rym up\u0142yn\u0105\u0142 termin p\u0142atno\u015bci podatku przez Konfeo.<\/p>\n<h5>5.2.3. Newsletter<\/h5>\n<p>Wpisuj\u0105c w odpowiednim formularzu sw\u00f3j adres e-mail, poprzez swoje dzia\u0142anie U\u017cytkownik wyra\u017ca ch\u0119\u0107 i zgod\u0119 na skorzystanie z us\u0142ugi newslettera.<\/p>\n<p>Podanie adresu e-mail jest dobrowolne, ale nie podanie tego\u017c adresu e-mail uniemo\u017cliwia zapisanie si\u0119 na us\u0142ug\u0119 i otrzymywanie newslettera.<\/p>\n<p>Dane osobowe w zakresie us\u0142ugi newslettera s\u0105 przetwarzane na podstawie zgody wyra\u017conej poprzez dzia\u0142anie polegaj\u0105ce zaznaczeniu odpowiedniej opcji na Koncie Organizatora. (art. 6 ust. 1 lit. a RODO).<\/p>\n<p>Organizator w ka\u017cdym momencie mo\u017ce zrezygnowa\u0107 z otrzymywania newslettera. Rezygnacja oznacza wycofanie zgody na przetwarzanie danych osobowych w tym celu. Rezygnacja (wycofanie zgody) nie wp\u0142ywa na przetwarzanie, kt\u00f3re mia\u0142o miejsce przed rezygnacj\u0105 (wycofaniem zgody).<\/p>\n<p>Rezygnacja z otrzymywania newslettera odbywa si\u0119 poprzez:<\/p>\n<ol>\n<li>wybranie odpowiedniej opcji na Koncie Organizatora;<\/li>\n<li>klikni\u0119cie w link znajduj\u0105cy si\u0119 w tre\u015bci maila zawieraj\u0105cego newsletter;<\/li>\n<li>kontakt z Administratorem.<\/li>\n<\/ol>\n<p>Dane b\u0119d\u0105 przetwarzane do momentu rezygnacji z Newslettera.<\/p>\n<h4>5.3. Dane osobowe Uczestnik\u00f3w<\/h4>\n<h5>5.3.1. Rejestracja na Wydarzenie<\/h5>\n<p>Za organizacj\u0119 danego Wydarzenia odpowiada jego Organizator. Je\u017celi rejestrujesz si\u0119 na dane wydarzenie to Organizator jest Administratorem Twoich danych osobowych. Konfeo dzia\u0142a w tym wypadku jako podmiot przetwarzaj\u0105cy dane osobowe na zlecenie Organizatora.<\/p>\n<p>Organizator odpowiada za zakres danych osobowych i wymaganych do podania w formularzu rejestracyjnym na dane Wydarzenie. Konfeo nie ma wp\u0142ywu na proces zbierania danych osobowych od Uczestnik\u00f3w.<\/p>\n<p>Je\u017celi chcesz dowiedzie\u0107 si\u0119 wi\u0119cej na temat przetwarzania Twoich danych osobowych w przypadku konkretnego Wydarzenia skontaktuj si\u0119 z jego Organizatorem.<\/p>\n<p>Konfeo zapewnia wszystkim Organizatorom narz\u0119dzia, za pomoc\u0105 kt\u00f3rych Organizator mo\u017ce przekaza\u0107 Uczestnikowi informacje dotycz\u0105ce przetwarzania danych osobowych lub np. zebra\u0107 odpowiednie zgody na przetwarzanie danych.<\/p>\n<h5>5.3.2. Retencja danych osobowych<\/h5>\n<p>Okres przechowania (inaczej okres retencji) danych osobowych Uczestnik\u00f3w Wydarze\u0144 w Serwisie, umo\u017cliwiaj\u0105cych identyfikacj\u0119 osoby, kt\u00f3rej dane dotycz\u0105, wynosi 6 miesi\u0119cy od daty zako\u0144czenia Wydarzenia, oraz nie d\u0142u\u017cej ni\u017c 2 lata dni od daty rejestracji Uczestnika.<\/p>\n<p>Administrator danych osobowych ma mo\u017cliwo\u015b\u0107 samodzielnego pobrania i usuni\u0119cia danych osobowych Uczestnik\u00f3w Wydarze\u0144 z Serwisu. Po up\u0142ywie okres\u00f3w retencji wskazanych powy\u017cej, dane osobowe usuwamy w spos\u00f3b nieodwracalny.<\/p>\n<h3>6. PRAWA OS\u00d3B, KT\u00d3RYCH DANE PRZETWARZAMY<\/h3>\n<p>Je\u017celi przetwarzamy Twoje dane osobowe przys\u0142uguj\u0105 Ci nast\u0119puj\u0105ce prawa:<\/p>\n<h4>6.1. Prawo do wycofania zgody<\/h4>\n<p>W dowolnym momencie masz prawo do wycofania udzielonej zgody na przetwarzanie danych osobowych. Cofni\u0119cie zgody nie wp\u0142ywa na przetwarzanie, kt\u00f3re mia\u0142o miejsce przed jej cofni\u0119ciem.<\/p>\n<h4>6.2. Prawo dost\u0119pu do danych<\/h4>\n<p>Masz prawo do potwierdzenia, czy przetwarzane s\u0105 Twoje dane osobowe, a je\u017celi ma to miejsce, do uzyskania dost\u0119pu do nich oraz nast\u0119puj\u0105cych informacji: cele przetwarzania; kategorie odno\u015bnych danych osobowych; informacje o odbiorcach lub kategoriach odbiorc\u00f3w, w szczeg\u00f3lno\u015bci o odbiorcach w pa\u0144stwach trzecich lub organizacjach mi\u0119dzynarodowych; w miar\u0119 mo\u017cliwo\u015bci planowany okres przechowywania danych osobowych, a gdy nie jest to mo\u017cliwe, kryteria ustalania tego okresu; wszelkie dost\u0119pne informacje o \u017ar\u00f3dle pochodzenia danych je\u017celi nie zosta\u0142y zebrane bezpo\u015brednio od Ciebie; informacje o zautomatyzowanym podejmowaniu decyzji, w tym o profilowaniu, je\u017celi by\u0142oby stosowane.<\/p>\n<h4>6.3. Prawo do sprostowania danych<\/h4>\n<p>Przetwarzane przez nas dane osobowe U\u017cytkownik\u00f3w powinny by\u0107 aktualne i poprawne. Masz prawo \u017c\u0105da\u0107 sprostowania danych lub poprawi\u0107 je samodzielnie (gdy funkcja taka jest dost\u0119pna).<\/p>\n<h4>6.4. Prawo do usuni\u0119cia danych<\/h4>\n<p>Masz prawo \u017c\u0105dania od Administratora niezw\u0142ocznego usuni\u0119cia dotycz\u0105cych Ciebie danych osobowych. Prawo do usuni\u0119cia danych mo\u017ce podlega\u0107 pewnym ograniczeniom, np. ze wzgl\u0119du na przepisy prawa (w szczeg\u00f3lno\u015bci przepisy podatkowe) lub uzasadniony interes Administratora jakim jest ustalenie, dochodzenie lub obrona przed roszczeniami.<\/p>\n<p>Je\u017celi zaistniej\u0105 takie ograniczenia w odpowiedzi na Twoje \u017c\u0105danie poinformujemy o tym.<\/p>\n<h4>6.5. Prawo do ograniczenia przetwarzania<\/h4>\n<p>Masz prawo \u017c\u0105dania ograniczenia przetwarzania w\u00a0nast\u0119puj\u0105cych przypadkach:<\/p>\n<ol>\n<li>je\u017celi kwestionujesz prawid\u0142owo\u015b\u0107 danych osobowych. W tej sytuacji dokonamy weryfikacji danych i ograniczymy przetwarzanie na okres niezb\u0119dny do weryfikacji \u2013 nie d\u0142u\u017cej ni\u017c miesi\u0105c,<\/li>\n<li>przetwarzanie danych jest niezgodne z\u00a0prawem, a w\u00a0zamian usuni\u0119cia za\u017c\u0105da ograniczenia ich wykorzystywania;<\/li>\n<li>Administrator nie potrzebuje ju\u017c danych osobowych do cel\u00f3w przetwarzania, ale s\u0105 one potrzebne do ustalenia, dochodzenia lub obrony roszcze\u0144;<\/li>\n<li>U\u017cytkownik wni\u00f3s\u0142 sprzeciw wobec przetwarzania. Ograniczenie nast\u0105pi do czasu stwierdzenia, czy prawnie uzasadnione podstawy przetwarzania s\u0105 nadrz\u0119dne wobec podstaw sprzeciwu korzystaj\u0105cego z Portalu.<\/li>\n<\/ol>\n<h4>6.6. Prawo do przenoszenia danych<\/h4>\n<p>Je\u017celi dane przetwarzane s\u0105 na podstawie zgody lub na podstawie umowy \u0142\u0105cz\u0105cej Ciebie z Administratorem, masz prawo otrzyma\u0107 swoje dane osobowe oraz masz prawo \u017c\u0105da\u0107 przes\u0142ania danych do innego wskazanego przez siebie administratora, o ile jest to technicznie mo\u017cliwe i o ile dane osobowe obj\u0119te prawem do przeniesienia przetwarzane s\u0105 w spos\u00f3b elektroniczny.<\/p>\n<h4>6.7. Prawo do sprzeciwu<\/h4>\n<p>Je\u017celi dane przetwarzane s\u0105 na podstawie uzasadnionego interesu Administratora, masz prawo w\u00a0dowolnym momencie wnie\u015b\u0107 sprzeciw wobec przetwarzania danych osobowych. Administratorowi nie wolno ju\u017c przetwarza\u0107 tych danych osobowych, chyba \u017ce wyka\u017ce on istnienie wa\u017cnych prawnie uzasadnionych podstaw do przetwarzania, nadrz\u0119dnych wobec interes\u00f3w, praw i\u00a0wolno\u015bci U\u017cytkownika, lub podstaw do ustalenia, dochodzenia lub obrony roszcze\u0144.<\/p>\n<h4>6.8. Prawo do wniesienia skargi do Prezesa UODO<\/h4>\n<p>Je\u017celi stwierdzisz, i\u017c przetwarzanie danych osobowych odbywa si\u0119 niezgodnie z prawem, masz prawo do wniesienia skargi do Prezesa Urz\u0119du Ochrony Danych Osobowych. Informacje i tryb wniesienia skargi znajduj\u0105 si\u0119 po adresem <a href=\"https:\/\/uodo.gov.pl\/pl\/p\/zalatw-sprawe\" target=\"_blank\" rel=\"noopener\">https:\/\/uodo.gov.pl\/pl\/p\/zalatw-sprawe<\/a>.<\/p>\n<h4>6.9. Zasady korzystania z praw i zg\u0142aszania \u017c\u0105da\u0144 w zwi\u0105zku z przetwarzaniem danych osobowych<\/h4>\n<p>\u017b\u0105danie odno\u015bnie przys\u0142uguj\u0105cych praw nale\u017cy z\u0142o\u017cy\u0107 drog\u0105 elektroniczn\u0105 na adres e-mail: info@konfeo.com.<\/p>\n<p>Informacji o\u00a0dzia\u0142aniach podj\u0119tych w\u00a0zwi\u0105zku z otrzymanym\u00a0\u017c\u0105daniem udzielimy najszybciej jak to mo\u017cliwe, w ka\u017cdym razie nie p\u00f3\u017aniej ni\u017c w okresie miesi\u0105ca od otrzymania \u017c\u0105dania.<\/p>\n<p>Z\u00a0uwagi na skomplikowany charakter \u017c\u0105dania lub liczb\u0119 \u017c\u0105da\u0144, miesi\u0119czny okres mo\u017ce zosta\u0107 przed\u0142u\u017cony o kolejne dwa miesi\u0105ce, o czym zostaniecie Pa\u0144stwo poinformowani, wraz z informacj\u0105 o przyczynach op\u00f3\u017anienia, nie p\u00f3\u017aniej ni\u017c w terminie miesi\u0105ca od zg\u0142oszenia \u017c\u0105dania.<\/p>\n<p>Je\u015bli korzystaj\u0105cy z Portalu przekaza\u0142 swoje \u017c\u0105danie elektronicznie, w\u00a0miar\u0119 mo\u017cliwo\u015bci informacje tak\u017ce s\u0105 przekazywane elektronicznie.<\/p>\n<p>Informacje dotycz\u0105ce praw i udzielenie odpowiedzi na \u017c\u0105dania korzystaj\u0105cy z Portalu s\u0105 wolne od op\u0142at. Je\u017celi jednak \u017c\u0105dania s\u0105 ewidentnie nieuzasadnione lub nadmierne, w szczeg\u00f3lno\u015bci ze wzgl\u0119du na sw\u00f3j ustawiczny charakter, Administrator zastrzega sobie prawo pobrania rozs\u0105dnej op\u0142aty (uwzgl\u0119dniaj\u0105cej administracyjne koszty udzielenia informacji, prowadzenia komunikacji lub podj\u0119cia \u017c\u0105danych dzia\u0142a\u0144) albo odmowy podj\u0119cia dzia\u0142a\u0144 w\u00a0zwi\u0105zku z\u00a0\u017c\u0105daniem.<\/p>\n<h3>7. ODBIORCY DANYCH OSOBOWYCH<\/h3>\n<p>W ramach prowadzenia i utrzymania Serwisu oraz \u015bwiadczenia us\u0142ug na rzecz U\u017cytkownik\u00f3w mo\u017cemy przekazywa\u0107 dane osobowe do dostawc\u00f3w \u015bwiadcz\u0105cych us\u0142ugi na rzecz Konfeo, tzw. odbiorc\u00f3w danych. Pe\u0142en wykaz odbiorc\u00f3w znajduje si\u0119 pod adresem <strong><a href=\"https:\/\/www.konfeo.com\/pl\/processors\/\">https:\/\/www.konfeo.com\/pl\/processors\/<\/a><\/strong><\/p>\n<p>Odbiorcami danych mog\u0105 by\u0107 podmioty zewn\u0119trzne, kt\u00f3re wspomagaj\u0105 nas na nasze zlecenie podczas ww. proces\u00f3w, czyli tzw. podmioty przetwarzaj\u0105ce. Takie podmioty przetwarzaj\u0105 przekazane dane jedynie na nasze polecenie i w zakresie ustalonym umow\u0105 powierzenia przetwarzania danych osobowych.<\/p>\n<p>Odbiorcami danych mog\u0105 by\u0107 tak\u017ce podmioty, kt\u00f3re s\u0105 niezale\u017cnymi administratorami danych, czyli przetwarzaj\u0105 dane do w\u0142asnych cel\u00f3w. Przekazanie danych osobowych takim podmiotom odbywa si\u0119 wy\u0142\u0105cznie za zgod\u0105 osoby korzystaj\u0105cej z Portalu lub gdy przekazanie danych znajduje podstaw\u0119 w przepisach prawa.<\/p>\n<p>Odbiorcami danych osobowych s\u0105 w szczeg\u00f3lno\u015bci: dostawcy us\u0142ug IT, dostawcy us\u0142ug chmurowych, dostawcy us\u0142ug logistycznych, podmioty zarz\u0105dzaj\u0105ce transportem, podmioty zapewniaj\u0105ce hosting serwer\u00f3w, serwer\u00f3w pocztowych, wy\u015bwietlania powiadomie\u0144 web push, wspieraj\u0105ce dzia\u0142anie strony internetowej Serwisu, analizuj\u0105ce ruch na stronie Serwisu, podmioty zapewniaj\u0105ce obs\u0142ug\u0119 prawn\u0105, obs\u0142ug\u0119 ksi\u0119gow\u0105, kurierzy, operatorzy pocztowi, banki, operatorzy p\u0142atno\u015bci, agencje marketingowe, podmioty przeprowadzaj\u0105ce badania satysfakcji z dokonanego zam\u00f3wienia.<\/p>\n<h4>7.1 Przekazywanie danych poza obszar EOG<\/h4>\n<p>Konfeo korzysta z us\u0142ug dostawc\u00f3w, kt\u00f3rzy maj\u0105 swoj\u0105 siedzib\u0119 zar\u00f3wno na obszarze EOG jak i poza tym obszarem.<\/p>\n<p>W przypadku dostawc\u00f3w spoza EOG transfer danych odbywa si\u0119 na podstawie:<\/p>\n<ol>\n<li>Stosownej decyzji Komisji Europejskiej stwierdzaj\u0105cej odpowiedni stopie\u0144 ochrony danych osobowych<\/li>\n<li>Standardowych klauzul umownych przyj\u0119tych przez Komisj\u0119 Europejsk\u0105<\/li>\n<li>Wi\u0105\u017c\u0105cych regu\u0142 korporacyjnych zatwierdzonych przez w\u0142a\u015bciwy organ nadzorczy<\/li>\n<\/ol>\n<h4>7.2. Organy pa\u0144stwowe<\/h4>\n<p>Organy Pa\u0144stwowe w ramach nadanych im uprawnie\u0144 mog\u0105 w okre\u015blonym przez prawo zakresie za\u017c\u0105da\u0107 od nas udost\u0119pnienia i przekazani im danych osobowych. Do uprawnionych organ\u00f3w nale\u017c\u0105 np. Policja, Prokuratur, S\u0105dy, Komornicy, Prezes UODO, Prezes UOKIK. W ramach obowi\u0105zuj\u0105cych przepis\u00f3w prawa postaramy si\u0119 przed udost\u0119pnieniem Twoich danych poinformowa\u0107 Ciebie o \u017c\u0105daniu udost\u0119pnienia Twoich danych przez uprawnione organy.<\/p>\n<h3>8. JAK D\u0141UDO PRZETWARZAMY DANE OSOBOWE<\/h3>\n<p>Dane osobowe b\u0119d\u0105 przetwarzane przez Konfeo przez okres niezb\u0119dny do realizacji cel\u00f3w okre\u015blonych w Rozdziale 5, w kt\u00f3rych to celach zosta\u0142y zebrane. Szczeg\u00f3\u0142owo okresy przetwarzania zosta\u0142y opisane w ka\u017cdym z podrozdzia\u0142\u00f3w dotycz\u0105cym konkretnego celu.<\/p>\n<h3>9. ZASADY BEZPIECZE\u0143STWA PRZETWARZANIA DANYCH OSOBOWYCH<\/h3>\n<p>Administrator stosuje odpowiednie \u015brodki techniczne i organizacyjne zapewniaj\u0105ce ochron\u0119 przetwarzanych danych, ich integralno\u015b\u0107 i poufno\u015b\u0107, a w szczeg\u00f3lno\u015bci zabezpiecza dane przed ich udost\u0119pnieniem osobom nieupowa\u017cnionym, przetwarzaniem z naruszeniem prawa oraz zmian\u0105, utrat\u0105, uszkodzeniem lub zniszczeniem.<\/p>\n<p>Dane osobowe przetwarzane s\u0105 jedynie na polecenie Administratora przez upowa\u017cnionych do tego pracownik\u00f3w lub wsp\u00f3\u0142pracownik\u00f3w Administratora.<\/p>\n<h3>10. ZMIANY POLITYKI PRYWATNO\u015aCI<\/h3>\n<p>D\u0105\u017cymy do ci\u0105g\u0142ego rozwijania naszych us\u0142ug i w zwi\u0105zku z powy\u017cszym mog\u0105 ulec zmianie zasady przetwarzania danych osobowych. Przed wdro\u017ceniem zmian zostaniesz o tym poinformowany. Aktualna tre\u015b\u0107 i zasady przetwarzania danych osobowych s\u0105 publikowane na naszej stronie <a href=\"https:\/\/www.konfeo.com\">https:\/\/www.konfeo.com<\/a>.<\/p>\n<p>Je\u017celi pojawi\u0105 si\u0119 jakie\u015b pytania lub w\u0105tpliwo\u015bci zwi\u0105zane z Polityk\u0105 lub przetwarzaniem danych to zapraszamy do kontaktu pod adresem e-mail: <a href=\"mailto:info@konfeo.com\">info@konfeo.com<\/a>.<\/p>\n\n\n<hr class=\"wp-block-separator has-css-opacity\"\/>\n\n\n<p>Poprzednie wersje Polityki prywatno\u015bci:<\/p>\n<ul>\n<li><a href=\"https:\/\/www.konfeo.com\/media\/terms\/Polityka-prywatnosci-serwisu-Konfeo_obowiazujaca-do-2021.12.31.pdf\" target=\"_blank\" rel=\"noopener\">obowi\u0105zuj\u0105ca do 31.12.2021 r.<\/a><\/li>\n<li><a href=\"https:\/\/www.konfeo.com\/media\/terms\/Polityka-prywatnosci-serwisu-Konfeo_obowiazujaca-do-2024.02.14.pdf\" target=\"_blank\" rel=\"noopener\">obowi\u0105zuj\u0105ca do 14.02.2024 r.<\/a><\/li>\n<\/ul>\n\n\n<div style=\"height:100px\" aria-hidden=\"true\" class=\"wp-block-spacer\"><\/div>\n","protected":false},"excerpt":{"rendered":"<p>Administrator Danych Osobowych przyk\u0142ada ogromn\u0105 wag\u0119 do dba\u0142o\u015bci o bezpiecze\u0144stwo oraz ochrony danych osobowych U\u017cytkownik\u00f3w Serwisu. Niniejsza Polityka Prywatno\u015bci (dalej \u201ePolityka\u201d) zosta\u0142a opracowana w celu udzielania kompletnej i przejrzystej informacji dotycz\u0105cej przetwarzania przez Administratora danych, a zasady zachowania poufno\u015bci w Serwisie s\u0105 udost\u0119pniane wszystkim zainteresowanym U\u017cytkownikom. SPIS TRE\u015aCI WYJA\u015aNIENIE POJ\u0118\u0106. POLITYKA PRYWATNO\u015aCI. ADMINISTRATOR DANYCH OSOBOWYCH.&hellip;&nbsp;<a href=\"https:\/\/www.konfeo.com\/pl\/polityka-prywatnosci\/\" rel=\"bookmark\">Dowiedz si\u0119 wi\u0119cej &raquo;<span class=\"screen-reader-text\">Polityka prywatno\u015bci<\/span><\/a><\/p>\n","protected":false},"author":1,"featured_media":235,"parent":0,"menu_order":0,"comment_status":"closed","ping_status":"closed","template":"","meta":{"inline_featured_image":false,"neve_meta_sidebar":"","neve_meta_container":"","neve_meta_enable_content_width":"","neve_meta_content_width":0,"neve_meta_title_alignment":"","neve_meta_author_avatar":"","neve_post_elements_order":"","neve_meta_disable_header":"","neve_meta_disable_footer":"","neve_meta_disable_title":"","footnotes":""},"class_list":["post-4092","page","type-page","status-publish","has-post-thumbnail","hentry"],"yoast_head":"<!-- This site is optimized with the Yoast SEO plugin v27.5 - https:\/\/yoast.com\/product\/yoast-seo-wordpress\/ -->\n<title>Polityka prywatno\u015bci - System rejestracji uczestnik\u00f3w | Konfeo<\/title>\n<meta name=\"robots\" content=\"index, follow, max-snippet:-1, max-image-preview:large, max-video-preview:-1\" \/>\n<link rel=\"canonical\" href=\"https:\/\/www.konfeo.com\/pl\/polityka-prywatnosci\/\" \/>\n<meta property=\"og:locale\" content=\"pl_PL\" \/>\n<meta property=\"og:type\" content=\"article\" \/>\n<meta property=\"og:title\" content=\"Polityka prywatno\u015bci - System rejestracji uczestnik\u00f3w | Konfeo\" \/>\n<meta property=\"og:description\" content=\"Administrator Danych Osobowych przyk\u0142ada ogromn\u0105 wag\u0119 do dba\u0142o\u015bci o bezpiecze\u0144stwo oraz ochrony danych osobowych U\u017cytkownik\u00f3w Serwisu. Niniejsza Polityka Prywatno\u015bci (dalej \u201ePolityka\u201d) zosta\u0142a opracowana w celu udzielania kompletnej i przejrzystej informacji dotycz\u0105cej przetwarzania przez Administratora danych, a zasady zachowania poufno\u015bci w Serwisie s\u0105 udost\u0119pniane wszystkim zainteresowanym U\u017cytkownikom. SPIS TRE\u015aCI WYJA\u015aNIENIE POJ\u0118\u0106. POLITYKA PRYWATNO\u015aCI. ADMINISTRATOR DANYCH OSOBOWYCH.&hellip;&nbsp;Dowiedz si\u0119 wi\u0119cej &raquo;Polityka prywatno\u015bci\" \/>\n<meta property=\"og:url\" content=\"https:\/\/www.konfeo.com\/pl\/polityka-prywatnosci\/\" \/>\n<meta property=\"og:site_name\" content=\"System rejestracji uczestnik\u00f3w | Konfeo\" \/>\n<meta property=\"article:publisher\" content=\"https:\/\/www.facebook.com\/Konfeo\" \/>\n<meta property=\"article:modified_time\" content=\"2025-10-07T05:59:50+00:00\" \/>\n<meta property=\"og:image\" content=\"https:\/\/www.konfeo.com\/pl\/wp-content\/uploads\/sites\/2\/2023\/04\/Konfeo-demo-header-4-min.jpg\" \/>\n\t<meta property=\"og:image:width\" content=\"1280\" \/>\n\t<meta property=\"og:image:height\" content=\"500\" \/>\n\t<meta property=\"og:image:type\" content=\"image\/jpeg\" \/>\n<meta name=\"twitter:card\" content=\"summary_large_image\" \/>\n<meta name=\"twitter:site\" content=\"@konfeo\" \/>\n<meta name=\"twitter:label1\" content=\"Szacowany czas czytania\" \/>\n\t<meta name=\"twitter:data1\" content=\"23 minuty\" \/>\n<script type=\"application\/ld+json\" class=\"yoast-schema-graph\">{\"@context\":\"https:\\\/\\\/schema.org\",\"@graph\":[{\"@type\":\"WebPage\",\"@id\":\"https:\\\/\\\/www.konfeo.com\\\/pl\\\/polityka-prywatnosci\\\/\",\"url\":\"https:\\\/\\\/www.konfeo.com\\\/pl\\\/polityka-prywatnosci\\\/\",\"name\":\"Polityka prywatno\u015bci - System rejestracji uczestnik\u00f3w | Konfeo\",\"isPartOf\":{\"@id\":\"https:\\\/\\\/www.konfeo.com\\\/pl\\\/#website\"},\"primaryImageOfPage\":{\"@id\":\"https:\\\/\\\/www.konfeo.com\\\/pl\\\/polityka-prywatnosci\\\/#primaryimage\"},\"image\":{\"@id\":\"https:\\\/\\\/www.konfeo.com\\\/pl\\\/polityka-prywatnosci\\\/#primaryimage\"},\"thumbnailUrl\":\"https:\\\/\\\/www.konfeo.com\\\/pl\\\/wp-content\\\/uploads\\\/sites\\\/2\\\/2023\\\/04\\\/Konfeo-demo-header-4-min.jpg\",\"datePublished\":\"2023-06-03T14:19:45+00:00\",\"dateModified\":\"2025-10-07T05:59:50+00:00\",\"inLanguage\":\"pl-PL\",\"potentialAction\":[{\"@type\":\"ReadAction\",\"target\":[\"https:\\\/\\\/www.konfeo.com\\\/pl\\\/polityka-prywatnosci\\\/\"]}]},{\"@type\":\"ImageObject\",\"inLanguage\":\"pl-PL\",\"@id\":\"https:\\\/\\\/www.konfeo.com\\\/pl\\\/polityka-prywatnosci\\\/#primaryimage\",\"url\":\"https:\\\/\\\/www.konfeo.com\\\/pl\\\/wp-content\\\/uploads\\\/sites\\\/2\\\/2023\\\/04\\\/Konfeo-demo-header-4-min.jpg\",\"contentUrl\":\"https:\\\/\\\/www.konfeo.com\\\/pl\\\/wp-content\\\/uploads\\\/sites\\\/2\\\/2023\\\/04\\\/Konfeo-demo-header-4-min.jpg\",\"width\":1280,\"height\":500},{\"@type\":\"WebSite\",\"@id\":\"https:\\\/\\\/www.konfeo.com\\\/pl\\\/#website\",\"url\":\"https:\\\/\\\/www.konfeo.com\\\/pl\\\/\",\"name\":\"Najszybszy system rejestracji uczestnik\u00f3w\",\"description\":\"Oprogramowanie do sprzeda\u017cy bilet\u00f3w na konferencje i szkolenia\",\"publisher\":{\"@id\":\"https:\\\/\\\/www.konfeo.com\\\/pl\\\/#organization\"},\"potentialAction\":[{\"@type\":\"SearchAction\",\"target\":{\"@type\":\"EntryPoint\",\"urlTemplate\":\"https:\\\/\\\/www.konfeo.com\\\/pl\\\/?s={search_term_string}\"},\"query-input\":{\"@type\":\"PropertyValueSpecification\",\"valueRequired\":true,\"valueName\":\"search_term_string\"}}],\"inLanguage\":\"pl-PL\"},{\"@type\":\"Organization\",\"@id\":\"https:\\\/\\\/www.konfeo.com\\\/pl\\\/#organization\",\"name\":\"Konfeo\",\"url\":\"https:\\\/\\\/www.konfeo.com\\\/pl\\\/\",\"logo\":{\"@type\":\"ImageObject\",\"inLanguage\":\"pl-PL\",\"@id\":\"https:\\\/\\\/www.konfeo.com\\\/pl\\\/#\\\/schema\\\/logo\\\/image\\\/\",\"url\":\"https:\\\/\\\/www.konfeo.com\\\/pl\\\/wp-content\\\/uploads\\\/sites\\\/2\\\/2023\\\/04\\\/Konfeo-icon-min.png\",\"contentUrl\":\"https:\\\/\\\/www.konfeo.com\\\/pl\\\/wp-content\\\/uploads\\\/sites\\\/2\\\/2023\\\/04\\\/Konfeo-icon-min.png\",\"width\":595,\"height\":512,\"caption\":\"Konfeo\"},\"image\":{\"@id\":\"https:\\\/\\\/www.konfeo.com\\\/pl\\\/#\\\/schema\\\/logo\\\/image\\\/\"},\"sameAs\":[\"https:\\\/\\\/www.facebook.com\\\/Konfeo\",\"https:\\\/\\\/x.com\\\/konfeo\",\"https:\\\/\\\/www.linkedin.com\\\/company\\\/konfeo\"]}]}<\/script>\n<!-- \/ Yoast SEO plugin. -->","yoast_head_json":{"title":"Polityka prywatno\u015bci - System rejestracji uczestnik\u00f3w | Konfeo","robots":{"index":"index","follow":"follow","max-snippet":"max-snippet:-1","max-image-preview":"max-image-preview:large","max-video-preview":"max-video-preview:-1"},"canonical":"https:\/\/www.konfeo.com\/pl\/polityka-prywatnosci\/","og_locale":"pl_PL","og_type":"article","og_title":"Polityka prywatno\u015bci - System rejestracji uczestnik\u00f3w | Konfeo","og_description":"Administrator Danych Osobowych przyk\u0142ada ogromn\u0105 wag\u0119 do dba\u0142o\u015bci o bezpiecze\u0144stwo oraz ochrony danych osobowych U\u017cytkownik\u00f3w Serwisu. Niniejsza Polityka Prywatno\u015bci (dalej \u201ePolityka\u201d) zosta\u0142a opracowana w celu udzielania kompletnej i przejrzystej informacji dotycz\u0105cej przetwarzania przez Administratora danych, a zasady zachowania poufno\u015bci w Serwisie s\u0105 udost\u0119pniane wszystkim zainteresowanym U\u017cytkownikom. SPIS TRE\u015aCI WYJA\u015aNIENIE POJ\u0118\u0106. POLITYKA PRYWATNO\u015aCI. ADMINISTRATOR DANYCH OSOBOWYCH.&hellip;&nbsp;Dowiedz si\u0119 wi\u0119cej &raquo;Polityka prywatno\u015bci","og_url":"https:\/\/www.konfeo.com\/pl\/polityka-prywatnosci\/","og_site_name":"System rejestracji uczestnik\u00f3w | Konfeo","article_publisher":"https:\/\/www.facebook.com\/Konfeo","article_modified_time":"2025-10-07T05:59:50+00:00","og_image":[{"width":1280,"height":500,"url":"https:\/\/www.konfeo.com\/pl\/wp-content\/uploads\/sites\/2\/2023\/04\/Konfeo-demo-header-4-min.jpg","type":"image\/jpeg"}],"twitter_card":"summary_large_image","twitter_site":"@konfeo","twitter_misc":{"Szacowany czas czytania":"23 minuty"},"schema":{"@context":"https:\/\/schema.org","@graph":[{"@type":"WebPage","@id":"https:\/\/www.konfeo.com\/pl\/polityka-prywatnosci\/","url":"https:\/\/www.konfeo.com\/pl\/polityka-prywatnosci\/","name":"Polityka prywatno\u015bci - System rejestracji uczestnik\u00f3w | Konfeo","isPartOf":{"@id":"https:\/\/www.konfeo.com\/pl\/#website"},"primaryImageOfPage":{"@id":"https:\/\/www.konfeo.com\/pl\/polityka-prywatnosci\/#primaryimage"},"image":{"@id":"https:\/\/www.konfeo.com\/pl\/polityka-prywatnosci\/#primaryimage"},"thumbnailUrl":"https:\/\/www.konfeo.com\/pl\/wp-content\/uploads\/sites\/2\/2023\/04\/Konfeo-demo-header-4-min.jpg","datePublished":"2023-06-03T14:19:45+00:00","dateModified":"2025-10-07T05:59:50+00:00","inLanguage":"pl-PL","potentialAction":[{"@type":"ReadAction","target":["https:\/\/www.konfeo.com\/pl\/polityka-prywatnosci\/"]}]},{"@type":"ImageObject","inLanguage":"pl-PL","@id":"https:\/\/www.konfeo.com\/pl\/polityka-prywatnosci\/#primaryimage","url":"https:\/\/www.konfeo.com\/pl\/wp-content\/uploads\/sites\/2\/2023\/04\/Konfeo-demo-header-4-min.jpg","contentUrl":"https:\/\/www.konfeo.com\/pl\/wp-content\/uploads\/sites\/2\/2023\/04\/Konfeo-demo-header-4-min.jpg","width":1280,"height":500},{"@type":"WebSite","@id":"https:\/\/www.konfeo.com\/pl\/#website","url":"https:\/\/www.konfeo.com\/pl\/","name":"Najszybszy system rejestracji uczestnik\u00f3w","description":"Oprogramowanie do sprzeda\u017cy bilet\u00f3w na konferencje i szkolenia","publisher":{"@id":"https:\/\/www.konfeo.com\/pl\/#organization"},"potentialAction":[{"@type":"SearchAction","target":{"@type":"EntryPoint","urlTemplate":"https:\/\/www.konfeo.com\/pl\/?s={search_term_string}"},"query-input":{"@type":"PropertyValueSpecification","valueRequired":true,"valueName":"search_term_string"}}],"inLanguage":"pl-PL"},{"@type":"Organization","@id":"https:\/\/www.konfeo.com\/pl\/#organization","name":"Konfeo","url":"https:\/\/www.konfeo.com\/pl\/","logo":{"@type":"ImageObject","inLanguage":"pl-PL","@id":"https:\/\/www.konfeo.com\/pl\/#\/schema\/logo\/image\/","url":"https:\/\/www.konfeo.com\/pl\/wp-content\/uploads\/sites\/2\/2023\/04\/Konfeo-icon-min.png","contentUrl":"https:\/\/www.konfeo.com\/pl\/wp-content\/uploads\/sites\/2\/2023\/04\/Konfeo-icon-min.png","width":595,"height":512,"caption":"Konfeo"},"image":{"@id":"https:\/\/www.konfeo.com\/pl\/#\/schema\/logo\/image\/"},"sameAs":["https:\/\/www.facebook.com\/Konfeo","https:\/\/x.com\/konfeo","https:\/\/www.linkedin.com\/company\/konfeo"]}]}},"_links":{"self":[{"href":"https:\/\/www.konfeo.com\/pl\/wp-json\/wp\/v2\/pages\/4092","targetHints":{"allow":["GET"]}}],"collection":[{"href":"https:\/\/www.konfeo.com\/pl\/wp-json\/wp\/v2\/pages"}],"about":[{"href":"https:\/\/www.konfeo.com\/pl\/wp-json\/wp\/v2\/types\/page"}],"author":[{"embeddable":true,"href":"https:\/\/www.konfeo.com\/pl\/wp-json\/wp\/v2\/users\/1"}],"replies":[{"embeddable":true,"href":"https:\/\/www.konfeo.com\/pl\/wp-json\/wp\/v2\/comments?post=4092"}],"version-history":[{"count":5,"href":"https:\/\/www.konfeo.com\/pl\/wp-json\/wp\/v2\/pages\/4092\/revisions"}],"predecessor-version":[{"id":5180,"href":"https:\/\/www.konfeo.com\/pl\/wp-json\/wp\/v2\/pages\/4092\/revisions\/5180"}],"wp:featuredmedia":[{"embeddable":true,"href":"https:\/\/www.konfeo.com\/pl\/wp-json\/wp\/v2\/media\/235"}],"wp:attachment":[{"href":"https:\/\/www.konfeo.com\/pl\/wp-json\/wp\/v2\/media?parent=4092"}],"curies":[{"name":"wp","href":"https:\/\/api.w.org\/{rel}","templated":true}]}}